{"id":144,"date":"2018-10-22T07:51:55","date_gmt":"2018-10-22T07:51:55","guid":{"rendered":"http:\/\/kita-werrawichtel-bsa.de\/?page_id=144"},"modified":"2024-08-08T12:04:00","modified_gmt":"2024-08-08T10:04:00","slug":"baeren","status":"publish","type":"page","link":"https:\/\/www.kita-werrawichtel-bsa.de\/?page_id=144","title":{"rendered":"B\u00e4ren"},"content":{"rendered":"<h2 style=\"text-align: left;\" align=\"center\">Wir betreuen Ihre Kinder in der B\u00e4rengruppe:<\/h2>\n<p>&nbsp;<\/p>\n<p>_____________________________________<\/p>\n<p><img loading=\"lazy\" decoding=\"async\" class=\"alignnone size-medium wp-image-713\" src=\"https:\/\/www.kita-werrawichtel-bsa.de\/wp-content\/uploads\/2021\/11\/WWE_8704-Kopie-214x300.jpg\" alt=\"\" width=\"214\" height=\"300\" \/><\/p>\n<p style=\"text-align: left;\">Irina Schacht<\/p>\n<p><img loading=\"lazy\" decoding=\"async\" class=\"alignnone size-medium wp-image-777\" src=\"https:\/\/www.kita-werrawichtel-bsa.de\/wp-content\/uploads\/2022\/11\/BSAWW6_7155-214x300.jpg\" alt=\"\" width=\"214\" height=\"300\" srcset=\"https:\/\/www.kita-werrawichtel-bsa.de\/wp-content\/uploads\/2022\/11\/BSAWW6_7155-214x300.jpg 214w, https:\/\/www.kita-werrawichtel-bsa.de\/wp-content\/uploads\/2022\/11\/BSAWW6_7155-731x1024.jpg 731w, https:\/\/www.kita-werrawichtel-bsa.de\/wp-content\/uploads\/2022\/11\/BSAWW6_7155-768x1076.jpg 768w, https:\/\/www.kita-werrawichtel-bsa.de\/wp-content\/uploads\/2022\/11\/BSAWW6_7155-1096x1536.jpg 1096w, https:\/\/www.kita-werrawichtel-bsa.de\/wp-content\/uploads\/2022\/11\/BSAWW6_7155-1461x2048.jpg 1461w, https:\/\/www.kita-werrawichtel-bsa.de\/wp-content\/uploads\/2022\/11\/BSAWW6_7155-scaled.jpg 1827w\" sizes=\"auto, (max-width: 214px) 100vw, 214px\" \/><\/p>\n<p>Christopher Beck<\/p>\n<p><img loading=\"lazy\" decoding=\"async\" class=\"alignnone  wp-image-900\" src=\"https:\/\/www.kita-werrawichtel-bsa.de\/wp-content\/uploads\/2024\/05\/Barbara1-1-279x300.jpg\" alt=\"\" width=\"215\" height=\"231\" \/><\/p>\n<p>Barbara B\u00f6ttner<\/p>\n<p>Liebe Eltern,<\/p>\n<p>mein Name ist Barbara B\u00f6ttner. Ich bin seit 2012 staatlich anerkannte Erzieherin und darf seit Oktober 2022 das Team im Werrawichtel\u00a0 Kindergarten unterst\u00fctzen.<\/p>\n<p>Mir ist es wichtig, dass die Kinder ganzheitlich betreut werden.<\/p>\n<p>Bei Fragen d\u00fcrfen sie sich gern an mich wenden.<\/p>\n<p>&nbsp;<\/p>\n<p>&nbsp;<\/p>\n<p>Liebe Gr\u00fc\u00dfe Barbara<\/p>\n<h6 style=\"text-align: left;\" align=\"center\"><\/h6>\n<h6>Fotos 1 &amp; 3: \u201eStudio Mittelm\u00fchle\u201c | Sontra | www.studio-mittelmuehle.de<\/h6>\n","protected":false},"excerpt":{"rendered":"<p>Wir betreuen Ihre Kinder in der B\u00e4rengruppe: &nbsp; _____________________________________ Irina Schacht Christopher Beck Barbara B\u00f6ttner Liebe Eltern, mein Name ist Barbara B\u00f6ttner. Ich bin seit 2012 staatlich anerkannte Erzieherin und darf seit Oktober 2022 das Team im Werrawichtel\u00a0 Kindergarten unterst\u00fctzen. Mir ist es wichtig, dass die Kinder ganzheitlich betreut werden. Bei Fragen d\u00fcrfen sie sich &hellip; <a href=\"https:\/\/www.kita-werrawichtel-bsa.de\/?page_id=144\" class=\"more-link\"><span class=\"screen-reader-text\">B\u00e4ren<\/span> weiterlesen <span class=\"meta-nav\">&rarr;<\/span><\/a><\/p>\n","protected":false},"author":1,"featured_media":0,"parent":196,"menu_order":1,"comment_status":"closed","ping_status":"closed","template":"","meta":{"footnotes":""},"class_list":["post-144","page","type-page","status-publish","hentry"],"_links":{"self":[{"href":"https:\/\/www.kita-werrawichtel-bsa.de\/index.php?rest_route=\/wp\/v2\/pages\/144","targetHints":{"allow":["GET"]}}],"collection":[{"href":"https:\/\/www.kita-werrawichtel-bsa.de\/index.php?rest_route=\/wp\/v2\/pages"}],"about":[{"href":"https:\/\/www.kita-werrawichtel-bsa.de\/index.php?rest_route=\/wp\/v2\/types\/page"}],"author":[{"embeddable":true,"href":"https:\/\/www.kita-werrawichtel-bsa.de\/index.php?rest_route=\/wp\/v2\/users\/1"}],"replies":[{"embeddable":true,"href":"https:\/\/www.kita-werrawichtel-bsa.de\/index.php?rest_route=%2Fwp%2Fv2%2Fcomments&post=144"}],"version-history":[{"count":33,"href":"https:\/\/www.kita-werrawichtel-bsa.de\/index.php?rest_route=\/wp\/v2\/pages\/144\/revisions"}],"predecessor-version":[{"id":927,"href":"https:\/\/www.kita-werrawichtel-bsa.de\/index.php?rest_route=\/wp\/v2\/pages\/144\/revisions\/927"}],"up":[{"embeddable":true,"href":"https:\/\/www.kita-werrawichtel-bsa.de\/index.php?rest_route=\/wp\/v2\/pages\/196"}],"wp:attachment":[{"href":"https:\/\/www.kita-werrawichtel-bsa.de\/index.php?rest_route=%2Fwp%2Fv2%2Fmedia&parent=144"}],"curies":[{"name":"wp","href":"https:\/\/api.w.org\/{rel}","templated":true}]}}