{"id":883,"date":"2024-05-16T11:48:36","date_gmt":"2024-05-16T09:48:36","guid":{"rendered":"https:\/\/www.kita-werrawichtel-bsa.de\/?page_id=883"},"modified":"2024-08-08T12:04:13","modified_gmt":"2024-08-08T10:04:13","slug":"igel-gruppe","status":"publish","type":"page","link":"https:\/\/www.kita-werrawichtel-bsa.de\/?page_id=883","title":{"rendered":"Igel"},"content":{"rendered":"\n<h2 class=\"wp-block-heading\">Wir betreuen Ihre Kinder in der <\/h2>\n\n\n\n<h2 class=\"wp-block-heading\">Igelgruppe:<\/h2>\n\n\n\n<figure class=\"wp-block-image size-large is-resized\"><img loading=\"lazy\" decoding=\"async\" width=\"907\" height=\"1024\" src=\"https:\/\/www.kita-werrawichtel-bsa.de\/wp-content\/uploads\/2024\/05\/Olha1-907x1024.jpg\" alt=\"\" class=\"wp-image-890\" style=\"width:299px;height:auto\" srcset=\"https:\/\/www.kita-werrawichtel-bsa.de\/wp-content\/uploads\/2024\/05\/Olha1-907x1024.jpg 907w, https:\/\/www.kita-werrawichtel-bsa.de\/wp-content\/uploads\/2024\/05\/Olha1-266x300.jpg 266w, https:\/\/www.kita-werrawichtel-bsa.de\/wp-content\/uploads\/2024\/05\/Olha1-768x867.jpg 768w, https:\/\/www.kita-werrawichtel-bsa.de\/wp-content\/uploads\/2024\/05\/Olha1-1360x1536.jpg 1360w, https:\/\/www.kita-werrawichtel-bsa.de\/wp-content\/uploads\/2024\/05\/Olha1-1814x2048.jpg 1814w\" sizes=\"auto, (max-width: 907px) 100vw, 907px\" \/><\/figure>\n\n\n\n<p>Ohla Dievochkina<\/p>\n\n\n\n<p><\/p>\n\n\n\n<figure class=\"wp-block-image size-large is-resized\"><img loading=\"lazy\" decoding=\"async\" width=\"875\" height=\"1024\" src=\"https:\/\/www.kita-werrawichtel-bsa.de\/wp-content\/uploads\/2024\/05\/Diana1-875x1024.jpg\" alt=\"\" class=\"wp-image-892\" style=\"width:299px;height:auto\" srcset=\"https:\/\/www.kita-werrawichtel-bsa.de\/wp-content\/uploads\/2024\/05\/Diana1-875x1024.jpg 875w, https:\/\/www.kita-werrawichtel-bsa.de\/wp-content\/uploads\/2024\/05\/Diana1-256x300.jpg 256w, https:\/\/www.kita-werrawichtel-bsa.de\/wp-content\/uploads\/2024\/05\/Diana1-768x899.jpg 768w, https:\/\/www.kita-werrawichtel-bsa.de\/wp-content\/uploads\/2024\/05\/Diana1-1312x1536.jpg 1312w, https:\/\/www.kita-werrawichtel-bsa.de\/wp-content\/uploads\/2024\/05\/Diana1-1749x2048.jpg 1749w\" sizes=\"auto, (max-width: 875px) 100vw, 875px\" \/><\/figure>\n\n\n\n<p>Diana Grabowsky<\/p>\n\n\n\n<p>Mein Name ist Diana,<\/p>\n\n\n\n<p>&nbsp;ich bin 46 Jahre alt. Meine Schwerpunktarbeit liegt im sozialen Umgang und Offenheit mit den verschiedenen&nbsp; Kulturen und Sprachen. Ich liebe die Arbeit mit Klein und Gro\u00df ! Sie und ihre Kinder ein St\u00fcck ihres Lebens begleiten zu d\u00fcrfen, erf\u00fcllt mich mit Freude.<\/p>\n\n\n\n<p>Auf ein baldiges Kennenlernen <\/p>\n\n\n\n<p>Ihre Diana<\/p>\n\n\n\n<p><\/p>\n","protected":false},"excerpt":{"rendered":"<p>Wir betreuen Ihre Kinder in der Igelgruppe: Ohla Dievochkina Diana Grabowsky Mein Name ist Diana, &nbsp;ich bin 46 Jahre alt. Meine Schwerpunktarbeit liegt im sozialen Umgang und Offenheit mit den verschiedenen&nbsp; Kulturen und Sprachen. Ich liebe die Arbeit mit Klein und Gro\u00df ! Sie und ihre Kinder ein St\u00fcck ihres Lebens begleiten zu d\u00fcrfen, erf\u00fcllt &hellip; <a href=\"https:\/\/www.kita-werrawichtel-bsa.de\/?page_id=883\" class=\"more-link\"><span class=\"screen-reader-text\">Igel<\/span> weiterlesen <span class=\"meta-nav\">&rarr;<\/span><\/a><\/p>\n","protected":false},"author":6,"featured_media":0,"parent":196,"menu_order":6,"comment_status":"closed","ping_status":"closed","template":"","meta":{"footnotes":""},"class_list":["post-883","page","type-page","status-publish","hentry"],"_links":{"self":[{"href":"https:\/\/www.kita-werrawichtel-bsa.de\/index.php?rest_route=\/wp\/v2\/pages\/883","targetHints":{"allow":["GET"]}}],"collection":[{"href":"https:\/\/www.kita-werrawichtel-bsa.de\/index.php?rest_route=\/wp\/v2\/pages"}],"about":[{"href":"https:\/\/www.kita-werrawichtel-bsa.de\/index.php?rest_route=\/wp\/v2\/types\/page"}],"author":[{"embeddable":true,"href":"https:\/\/www.kita-werrawichtel-bsa.de\/index.php?rest_route=\/wp\/v2\/users\/6"}],"replies":[{"embeddable":true,"href":"https:\/\/www.kita-werrawichtel-bsa.de\/index.php?rest_route=%2Fwp%2Fv2%2Fcomments&post=883"}],"version-history":[{"count":6,"href":"https:\/\/www.kita-werrawichtel-bsa.de\/index.php?rest_route=\/wp\/v2\/pages\/883\/revisions"}],"predecessor-version":[{"id":928,"href":"https:\/\/www.kita-werrawichtel-bsa.de\/index.php?rest_route=\/wp\/v2\/pages\/883\/revisions\/928"}],"up":[{"embeddable":true,"href":"https:\/\/www.kita-werrawichtel-bsa.de\/index.php?rest_route=\/wp\/v2\/pages\/196"}],"wp:attachment":[{"href":"https:\/\/www.kita-werrawichtel-bsa.de\/index.php?rest_route=%2Fwp%2Fv2%2Fmedia&parent=883"}],"curies":[{"name":"wp","href":"https:\/\/api.w.org\/{rel}","templated":true}]}}